{"id":107,"date":"2026-07-28T11:06:10","date_gmt":"2026-07-28T09:06:10","guid":{"rendered":"https:\/\/thomasalberico-avocat.fr\/?page_id=107"},"modified":"2026-07-28T11:29:04","modified_gmt":"2026-07-28T09:29:04","slug":"competences","status":"publish","type":"page","link":"https:\/\/thomasalberico-avocat.fr\/index.php\/competences\/","title":{"rendered":"Domaines de comp\u00e9tences"},"content":{"rendered":"\n<div class=\"wp-block-group alignfull is-content-justification-space-between is-layout-flex wp-container-core-group-is-layout-8a31a4b2 wp-block-group-is-layout-flex\" style=\"padding-top:1em;padding-right:1em;padding-bottom:0em;padding-left:1em\">\n<div class=\"wp-block-group is-layout-flex wp-block-group-is-layout-flex\"><div class=\"wp-block-site-logo\"><a href=\"https:\/\/thomasalberico-avocat.fr\/\" class=\"custom-logo-link\" rel=\"home\"><img loading=\"lazy\" decoding=\"async\" width=\"60\" height=\"62\" src=\"https:\/\/thomasalberico-avocat.fr\/wp-content\/uploads\/2022\/10\/cropped-Logo-paint-inverse-1.png\" class=\"custom-logo\" alt=\"Ma\u00eetre Thomas Alberico\" \/><\/a><\/div>\n\n<h1 class=\"wp-block-site-title has-medium-font-size\"><a href=\"https:\/\/thomasalberico-avocat.fr\" target=\"_self\" rel=\"home\">Ma\u00eetre Thomas Alberico<\/a><\/h1><\/div>\n\n\n<nav class=\"has-medium-font-size is-responsive items-justified-right wp-block-navigation has-source-serif-pro-font-family is-content-justification-right is-layout-flex wp-container-core-navigation-is-layout-de66bf79 wp-block-navigation-is-layout-flex\" aria-label=\"Menu principal\" \n\t\t data-wp-interactive=\"core\/navigation\" data-wp-context='{\"overlayOpenedBy\":{\"click\":false,\"hover\":false,\"focus\":false},\"type\":\"overlay\",\"roleAttribute\":\"\",\"ariaLabel\":\"Menu\"}'><button aria-haspopup=\"dialog\" aria-label=\"Open menu\" class=\"wp-block-navigation__responsive-container-open\" \n\t\t\t\tdata-wp-on--click=\"actions.openMenuOnClick\"\n\t\t\t\tdata-wp-on--keydown=\"actions.handleMenuKeydown\"\n\t\t\t><svg width=\"24\" height=\"24\" xmlns=\"http:\/\/www.w3.org\/2000\/svg\" viewBox=\"0 0 24 24\" aria-hidden=\"true\" focusable=\"false\"><path d=\"M4 7.5h16v1.5H4z\"><\/path><path d=\"M4 15h16v1.5H4z\"><\/path><\/svg><\/button>\n\t\t\t\t<div class=\"wp-block-navigation__responsive-container\"  id=\"modal-1\" \n\t\t\t\tdata-wp-class--has-modal-open=\"state.isMenuOpen\"\n\t\t\t\tdata-wp-class--is-menu-open=\"state.isMenuOpen\"\n\t\t\t\tdata-wp-watch=\"callbacks.initMenu\"\n\t\t\t\tdata-wp-on--keydown=\"actions.handleMenuKeydown\"\n\t\t\t\tdata-wp-on--focusout=\"actions.handleMenuFocusout\"\n\t\t\t\ttabindex=\"-1\"\n\t\t\t>\n\t\t\t\t\t<div class=\"wp-block-navigation__responsive-close\" tabindex=\"-1\">\n\t\t\t\t\t\t<div class=\"wp-block-navigation__responsive-dialog\" \n\t\t\t\tdata-wp-bind--aria-modal=\"state.ariaModal\"\n\t\t\t\tdata-wp-bind--aria-label=\"state.ariaLabel\"\n\t\t\t\tdata-wp-bind--role=\"state.roleAttribute\"\n\t\t\t>\n\t\t\t\t\t\t\t<button aria-label=\"Close menu\" class=\"wp-block-navigation__responsive-container-close\" \n\t\t\t\tdata-wp-on--click=\"actions.closeMenuOnClick\"\n\t\t\t><svg xmlns=\"http:\/\/www.w3.org\/2000\/svg\" viewBox=\"0 0 24 24\" width=\"24\" height=\"24\" aria-hidden=\"true\" focusable=\"false\"><path d=\"m13.06 12 6.47-6.47-1.06-1.06L12 10.94 5.53 4.47 4.47 5.53 10.94 12l-6.47 6.47 1.06 1.06L12 13.06l6.47 6.47 1.06-1.06L13.06 12Z\"><\/path><\/svg><\/button>\n\t\t\t\t\t\t\t<div class=\"wp-block-navigation__responsive-container-content\" \n\t\t\t\tdata-wp-watch=\"callbacks.focusFirstElement\"\n\t\t\t id=\"modal-1-content\">\n\t\t\t\t\t\t\t\t<ul class=\"wp-block-navigation__container has-medium-font-size is-responsive items-justified-right wp-block-navigation has-source-serif-pro-font-family\"><li class=\"wp-block-navigation-item wp-block-navigation-link\"><a class=\"wp-block-navigation-item__content\"  href=\"https:\/\/thomasalberico-avocat.fr\" target=\"_blank\"  ><span class=\"wp-block-navigation-item__label\">Accueil<\/span><\/a><\/li><li class=\"wp-block-navigation-item wp-block-navigation-link\"><a class=\"wp-block-navigation-item__content\"  href=\"https:\/\/thomasalberico-avocat.fr\/index.php\/presentation\/\"><span class=\"wp-block-navigation-item__label\">Pr\u00e9sentation<\/span><\/a><\/li><li class=\"wp-block-navigation-item wp-block-navigation-link\"><a class=\"wp-block-navigation-item__content\"  href=\"https:\/\/thomasalberico-avocat.fr\/index.php\/competences\/\"><span class=\"wp-block-navigation-item__label\">Domaines de comp\u00e9tences<\/span><\/a><\/li><li class=\"wp-block-navigation-item wp-block-navigation-link\"><a class=\"wp-block-navigation-item__content\"  href=\"https:\/\/thomasalberico-avocat.fr\/index.php\/honoraires-2\/\"><span class=\"wp-block-navigation-item__label\">Honoraires<\/span><\/a><\/li><li class=\"wp-block-navigation-item wp-block-navigation-link\"><a class=\"wp-block-navigation-item__content\"  href=\"https:\/\/thomasalberico-avocat.fr\/index.php\/mentions-legales\/\"><span class=\"wp-block-navigation-item__label\">Mentions l\u00e9gales<\/span><\/a><\/li><li class=\"wp-block-navigation-item wp-block-navigation-link\"><a class=\"wp-block-navigation-item__content\"  href=\"https:\/\/thomasalberico-avocat.fr\/index.php\/contact\/\"><span class=\"wp-block-navigation-item__label\">Contact<\/span><\/a><\/li><\/ul>\n\t\t\t\t\t\t\t\t\n\t\t\t\t\t\t\t<\/div>\n\t\t\t\t\t\t<\/div>\n\t\t\t\t\t<\/div>\n\t\t\t\t<\/div><\/nav><\/div>\n\n\n\n<p class=\"has-large-font-size wp-block-paragraph\">Droit de la fonction publique<\/p>\n\n\n\n<p class=\"wp-block-paragraph\">J&#8217;interviens au service des agents publics (\u00c9tat, territoriaux, hospitaliers) tout au long de leur carri\u00e8re :<\/p>\n\n\n\n<p class=\"wp-block-paragraph\"><strong>Gestion de carri\u00e8re et r\u00e9mun\u00e9ration<\/strong> : <em>contestation d&#8217;arr\u00eat\u00e9s, refus de promotion, litiges salariaux.<\/em><br><strong>Discipline<\/strong> : <em>assistance devant le conseil de discipline et recours devant le Tribunal administratif.<\/em><br><strong>Sant\u00e9 et Handicap au travail<\/strong> : <em>reconnaissance de maladies professionnelles (CITIS), am\u00e9nagement de poste, contestation d&#8217;inaptitude, harc\u00e8lement.<\/em><br><strong>Protection fonctionnelle<\/strong> : <em>activation de la protection en cas de menaces, violences ou harc\u00e8lement.<\/em><\/p>\n\n\n\n<p class=\"has-large-font-size wp-block-paragraph\"><br>Relations avec l&#8217;Administration &amp; Contentieux Administratif<\/p>\n\n\n\n<p class=\"wp-block-paragraph\">J&#8217;accompagne les particuliers et les acteurs \u00e9conomiques pour contester ou s\u00e9curiser des d\u00e9cisions administratives :<\/p>\n\n\n\n<p class=\"wp-block-paragraph\"><strong>Recours en exc\u00e8s de pouvoir pour annuler une d\u00e9cision ill\u00e9gale.<\/strong><br><strong>Recours indemnitaire<\/strong> pour engager la responsabilit\u00e9 de l&#8217;administration et obtenir r\u00e9paration.<br><strong>R\u00e9f\u00e9r\u00e9s (urgence)<\/strong> pour suspendre l&#8217;ex\u00e9cution d&#8217;actes administratifs.<\/p>\n\n\n\n<p class=\"wp-block-paragraph\"><\/p>\n\n\n\n<p class=\"has-large-font-size wp-block-paragraph\"><br>Conseil aux Collectivit\u00e9s et \u00c9tablissements Publics<\/p>\n\n\n\n<p class=\"wp-block-paragraph\">Fort d&#8217;une expertise rigoureuse de la l\u00e9gislation administrative, j&#8217;apporte un conseil juridique aux acteurs publics pour :<\/p>\n\n\n\n<p class=\"wp-block-paragraph\"><strong>La s\u00e9curisation juridique de leurs actes administratifs.<br>La gestion de leurs probl\u00e9matiques RH.<br>La d\u00e9fense de leurs int\u00e9r\u00eats devant les juridictions administratives.<\/strong><\/p>\n","protected":false},"excerpt":{"rendered":"<p>Droit de la fonction publique J&#8217;interviens au service des agents publics (\u00c9tat, territoriaux, hospitaliers) tout au long de leur carri\u00e8re : Gestion de carri\u00e8re et r\u00e9mun\u00e9ration : contestation d&#8217;arr\u00eat\u00e9s, refus de promotion, litiges salariaux.Discipline : assistance devant le conseil de discipline et recours devant le Tribunal administratif.Sant\u00e9 et Handicap au travail : reconnaissance de maladies [&hellip;]<\/p>\n","protected":false},"author":1,"featured_media":0,"parent":0,"menu_order":0,"comment_status":"closed","ping_status":"closed","template":"blank","meta":{"footnotes":""},"class_list":["post-107","page","type-page","status-publish","hentry"],"_links":{"self":[{"href":"https:\/\/thomasalberico-avocat.fr\/index.php\/wp-json\/wp\/v2\/pages\/107","targetHints":{"allow":["GET"]}}],"collection":[{"href":"https:\/\/thomasalberico-avocat.fr\/index.php\/wp-json\/wp\/v2\/pages"}],"about":[{"href":"https:\/\/thomasalberico-avocat.fr\/index.php\/wp-json\/wp\/v2\/types\/page"}],"author":[{"embeddable":true,"href":"https:\/\/thomasalberico-avocat.fr\/index.php\/wp-json\/wp\/v2\/users\/1"}],"replies":[{"embeddable":true,"href":"https:\/\/thomasalberico-avocat.fr\/index.php\/wp-json\/wp\/v2\/comments?post=107"}],"version-history":[{"count":5,"href":"https:\/\/thomasalberico-avocat.fr\/index.php\/wp-json\/wp\/v2\/pages\/107\/revisions"}],"predecessor-version":[{"id":198,"href":"https:\/\/thomasalberico-avocat.fr\/index.php\/wp-json\/wp\/v2\/pages\/107\/revisions\/198"}],"wp:attachment":[{"href":"https:\/\/thomasalberico-avocat.fr\/index.php\/wp-json\/wp\/v2\/media?parent=107"}],"curies":[{"name":"wp","href":"https:\/\/api.w.org\/{rel}","templated":true}]}}