{"id":56,"date":"2023-03-06T17:50:17","date_gmt":"2023-03-06T16:50:17","guid":{"rendered":"https:\/\/thomasalberico-avocat.fr\/?page_id=56"},"modified":"2026-07-28T11:38:23","modified_gmt":"2026-07-28T09:38:23","slug":"presentation","status":"publish","type":"page","link":"https:\/\/thomasalberico-avocat.fr\/index.php\/presentation\/","title":{"rendered":"Pr\u00e9sentation"},"content":{"rendered":"\n<div class=\"wp-block-group alignfull is-content-justification-space-between is-layout-flex wp-container-core-group-is-layout-8a31a4b2 wp-block-group-is-layout-flex\" style=\"padding-top:1em;padding-right:1em;padding-bottom:0em;padding-left:1em\">\n<div class=\"wp-block-group is-layout-flex wp-block-group-is-layout-flex\"><div class=\"wp-block-site-logo\"><a href=\"https:\/\/thomasalberico-avocat.fr\/\" class=\"custom-logo-link\" rel=\"home\"><img loading=\"lazy\" decoding=\"async\" width=\"60\" height=\"62\" src=\"https:\/\/thomasalberico-avocat.fr\/wp-content\/uploads\/2022\/10\/cropped-Logo-paint-inverse-1.png\" class=\"custom-logo\" alt=\"Ma\u00eetre Thomas Alberico\" \/><\/a><\/div>\n\n<h1 class=\"wp-block-site-title has-medium-font-size\"><a href=\"https:\/\/thomasalberico-avocat.fr\" target=\"_self\" rel=\"home\">Ma\u00eetre Thomas Alberico<\/a><\/h1><\/div>\n\n\n<nav class=\"has-medium-font-size is-responsive items-justified-right wp-block-navigation has-source-serif-pro-font-family is-content-justification-right is-layout-flex wp-container-core-navigation-is-layout-de66bf79 wp-block-navigation-is-layout-flex\" aria-label=\"Menu principal\" \n\t\t data-wp-interactive=\"core\/navigation\" data-wp-context='{\"overlayOpenedBy\":{\"click\":false,\"hover\":false,\"focus\":false},\"type\":\"overlay\",\"roleAttribute\":\"\",\"ariaLabel\":\"Menu\"}'><button aria-haspopup=\"dialog\" aria-label=\"Open menu\" class=\"wp-block-navigation__responsive-container-open\" \n\t\t\t\tdata-wp-on--click=\"actions.openMenuOnClick\"\n\t\t\t\tdata-wp-on--keydown=\"actions.handleMenuKeydown\"\n\t\t\t><svg width=\"24\" height=\"24\" xmlns=\"http:\/\/www.w3.org\/2000\/svg\" viewBox=\"0 0 24 24\" aria-hidden=\"true\" focusable=\"false\"><path d=\"M4 7.5h16v1.5H4z\"><\/path><path d=\"M4 15h16v1.5H4z\"><\/path><\/svg><\/button>\n\t\t\t\t<div class=\"wp-block-navigation__responsive-container\"  id=\"modal-1\" \n\t\t\t\tdata-wp-class--has-modal-open=\"state.isMenuOpen\"\n\t\t\t\tdata-wp-class--is-menu-open=\"state.isMenuOpen\"\n\t\t\t\tdata-wp-watch=\"callbacks.initMenu\"\n\t\t\t\tdata-wp-on--keydown=\"actions.handleMenuKeydown\"\n\t\t\t\tdata-wp-on--focusout=\"actions.handleMenuFocusout\"\n\t\t\t\ttabindex=\"-1\"\n\t\t\t>\n\t\t\t\t\t<div class=\"wp-block-navigation__responsive-close\" tabindex=\"-1\">\n\t\t\t\t\t\t<div class=\"wp-block-navigation__responsive-dialog\" \n\t\t\t\tdata-wp-bind--aria-modal=\"state.ariaModal\"\n\t\t\t\tdata-wp-bind--aria-label=\"state.ariaLabel\"\n\t\t\t\tdata-wp-bind--role=\"state.roleAttribute\"\n\t\t\t>\n\t\t\t\t\t\t\t<button aria-label=\"Close menu\" class=\"wp-block-navigation__responsive-container-close\" \n\t\t\t\tdata-wp-on--click=\"actions.closeMenuOnClick\"\n\t\t\t><svg xmlns=\"http:\/\/www.w3.org\/2000\/svg\" viewBox=\"0 0 24 24\" width=\"24\" height=\"24\" aria-hidden=\"true\" focusable=\"false\"><path d=\"m13.06 12 6.47-6.47-1.06-1.06L12 10.94 5.53 4.47 4.47 5.53 10.94 12l-6.47 6.47 1.06 1.06L12 13.06l6.47 6.47 1.06-1.06L13.06 12Z\"><\/path><\/svg><\/button>\n\t\t\t\t\t\t\t<div class=\"wp-block-navigation__responsive-container-content\" \n\t\t\t\tdata-wp-watch=\"callbacks.focusFirstElement\"\n\t\t\t id=\"modal-1-content\">\n\t\t\t\t\t\t\t\t<ul class=\"wp-block-navigation__container has-medium-font-size is-responsive items-justified-right wp-block-navigation has-source-serif-pro-font-family\"><li class=\"wp-block-navigation-item wp-block-navigation-link\"><a class=\"wp-block-navigation-item__content\"  href=\"https:\/\/thomasalberico-avocat.fr\" target=\"_blank\"  ><span class=\"wp-block-navigation-item__label\">Accueil<\/span><\/a><\/li><li class=\"wp-block-navigation-item wp-block-navigation-link\"><a class=\"wp-block-navigation-item__content\"  href=\"https:\/\/thomasalberico-avocat.fr\/index.php\/presentation\/\"><span class=\"wp-block-navigation-item__label\">Pr\u00e9sentation<\/span><\/a><\/li><li class=\"wp-block-navigation-item wp-block-navigation-link\"><a class=\"wp-block-navigation-item__content\"  href=\"https:\/\/thomasalberico-avocat.fr\/index.php\/competences\/\"><span class=\"wp-block-navigation-item__label\">Domaines de comp\u00e9tences<\/span><\/a><\/li><li class=\"wp-block-navigation-item wp-block-navigation-link\"><a class=\"wp-block-navigation-item__content\"  href=\"https:\/\/thomasalberico-avocat.fr\/index.php\/honoraires-2\/\"><span class=\"wp-block-navigation-item__label\">Honoraires<\/span><\/a><\/li><li class=\"wp-block-navigation-item wp-block-navigation-link\"><a class=\"wp-block-navigation-item__content\"  href=\"https:\/\/thomasalberico-avocat.fr\/index.php\/mentions-legales\/\"><span class=\"wp-block-navigation-item__label\">Mentions l\u00e9gales<\/span><\/a><\/li><li class=\"wp-block-navigation-item wp-block-navigation-link\"><a class=\"wp-block-navigation-item__content\"  href=\"https:\/\/thomasalberico-avocat.fr\/index.php\/contact\/\"><span class=\"wp-block-navigation-item__label\">Contact<\/span><\/a><\/li><\/ul>\n\t\t\t\t\t\t\t\t\n\t\t\t\t\t\t\t<\/div>\n\t\t\t\t\t\t<\/div>\n\t\t\t\t\t<\/div>\n\t\t\t\t<\/div><\/nav><\/div>\n\n\n\n<div class=\"wp-block-media-text alignfull is-stacked-on-mobile is-vertically-aligned-center\"><figure class=\"wp-block-media-text__media\"><img loading=\"lazy\" decoding=\"async\" width=\"1024\" height=\"768\" src=\"https:\/\/thomasalberico-avocat.fr\/wp-content\/uploads\/2023\/03\/Serment-1024x768.jpg\" alt=\"\" class=\"wp-image-119 size-full\" srcset=\"https:\/\/thomasalberico-avocat.fr\/wp-content\/uploads\/2023\/03\/Serment-1024x768.jpg 1024w, https:\/\/thomasalberico-avocat.fr\/wp-content\/uploads\/2023\/03\/Serment-300x225.jpg 300w, https:\/\/thomasalberico-avocat.fr\/wp-content\/uploads\/2023\/03\/Serment-768x576.jpg 768w, https:\/\/thomasalberico-avocat.fr\/wp-content\/uploads\/2023\/03\/Serment-rotated.jpg 1440w\" sizes=\"auto, (max-width: 1024px) 100vw, 1024px\" \/><\/figure><div class=\"wp-block-media-text__content\">\n<p class=\"wp-block-paragraph\"><strong>Ma\u00eetre Thomas Alberico, Avocat au Barreau de Lyon<\/strong><\/p>\n\n\n\n<h3 class=\"wp-block-heading has-text-align-left has-tertiary-color has-text-color has-medium-font-size\">Dipl\u00f4m\u00e9 de l&#8217;Universit\u00e9 Nancy 2 apr\u00e8s avoir suivi un parcours mention Droit public \/ Sciences politiques, j&#8217;obtiens mon Certificat d&#8217;Aptitude \u00e0 la Profession d&#8217;Avocat (CAPA) en 2017, apr\u00e8s deux ann\u00e9es de formation aupr\u00e8s de l&#8217;Ecole R\u00e9gionale des Avocats du Grand-Est.<\/h3>\n\n\n\n<h2 class=\"wp-block-heading has-tertiary-color has-text-color has-medium-font-size\">J&#8217;ai par la suite exerc\u00e9 quatre ann\u00e9es au sein du cabinet Droit Public Consultants, en collaboration avec le Professeur Jean-Fran\u00e7ois Sestier, sp\u00e9cialiste reconnu du droit public. Cette exp\u00e9rience m&#8217;a permis de d\u00e9velopper une pratique rigoureuse du conseil et du contentieux administratif, au service d&#8217;une client\u00e8le vari\u00e9e : particuliers, agents publics, collectivit\u00e9s et acteurs \u00e9conomiques.<\/h2>\n\n\n\n<p class=\"wp-block-paragraph\">En 2021, je prends la d\u00e9cision de m&#8217;installer de mani\u00e8re ind\u00e9pendante \u00e0 Lyon, avec la conviction qu&#8217;un exercice individuel permet une prise en charge plus attentive de chaque dossier : un interlocuteur unique, une disponibilit\u00e9 r\u00e9elle, et un traitement \u00e0 la fois technique et humain de chaque situation.<\/p>\n\n\n\n<h2 class=\"wp-block-heading has-tertiary-color has-text-color has-medium-font-size\"><\/h2>\n<\/div><\/div>\n","protected":false},"excerpt":{"rendered":"<p>Ma\u00eetre Thomas Alberico, Avocat au Barreau de Lyon Dipl\u00f4m\u00e9 de l&#8217;Universit\u00e9 Nancy 2 apr\u00e8s avoir suivi un parcours mention Droit public \/ Sciences politiques, j&#8217;obtiens mon Certificat d&#8217;Aptitude \u00e0 la Profession d&#8217;Avocat (CAPA) en 2017, apr\u00e8s deux ann\u00e9es de formation aupr\u00e8s de l&#8217;Ecole R\u00e9gionale des Avocats du Grand-Est. J&#8217;ai par la suite exerc\u00e9 quatre ann\u00e9es [&hellip;]<\/p>\n","protected":false},"author":1,"featured_media":80,"parent":0,"menu_order":0,"comment_status":"closed","ping_status":"closed","template":"blank","meta":{"footnotes":""},"class_list":["post-56","page","type-page","status-publish","has-post-thumbnail","hentry"],"_links":{"self":[{"href":"https:\/\/thomasalberico-avocat.fr\/index.php\/wp-json\/wp\/v2\/pages\/56","targetHints":{"allow":["GET"]}}],"collection":[{"href":"https:\/\/thomasalberico-avocat.fr\/index.php\/wp-json\/wp\/v2\/pages"}],"about":[{"href":"https:\/\/thomasalberico-avocat.fr\/index.php\/wp-json\/wp\/v2\/types\/page"}],"author":[{"embeddable":true,"href":"https:\/\/thomasalberico-avocat.fr\/index.php\/wp-json\/wp\/v2\/users\/1"}],"replies":[{"embeddable":true,"href":"https:\/\/thomasalberico-avocat.fr\/index.php\/wp-json\/wp\/v2\/comments?post=56"}],"version-history":[{"count":13,"href":"https:\/\/thomasalberico-avocat.fr\/index.php\/wp-json\/wp\/v2\/pages\/56\/revisions"}],"predecessor-version":[{"id":201,"href":"https:\/\/thomasalberico-avocat.fr\/index.php\/wp-json\/wp\/v2\/pages\/56\/revisions\/201"}],"wp:featuredmedia":[{"embeddable":true,"href":"https:\/\/thomasalberico-avocat.fr\/index.php\/wp-json\/wp\/v2\/media\/80"}],"wp:attachment":[{"href":"https:\/\/thomasalberico-avocat.fr\/index.php\/wp-json\/wp\/v2\/media?parent=56"}],"curies":[{"name":"wp","href":"https:\/\/api.w.org\/{rel}","templated":true}]}}